{"id":271360,"date":"2016-04-21T17:18:50","date_gmt":"2016-04-21T17:18:50","guid":{"rendered":"http:\/\/blog.supercars.net\/blog\/wp-content\/uploads\/2016\/04\/1087570-1024.jpg"},"modified":"2016-05-03T07:18:39","modified_gmt":"2016-05-03T07:18:39","slug":"wec-6-hours-of-spa-francorchamps-2014-13","status":"inherit","type":"attachment","link":"https:\/\/www.supercars.net\/blog\/2014-audi-r18-e-tron-quattro-gallery\/wec-6-hours-of-spa-francorchamps-2014-13\/","title":{"rendered":"2014 Audi R18 e-tron quattro Gallery"},"author":1,"featured_media":0,"comment_status":"open","ping_status":"closed","template":"","meta":[],"class_list":["post-271360","attachment","type-attachment","status-inherit","hentry"],"yoast_head":"<!-- This site is optimized with the Yoast SEO plugin v27.5 - https:\/\/yoast.com\/product\/yoast-seo-wordpress\/ -->\n<title>2014 Audi R18 e-tron quattro Gallery | | SuperCars.net<\/title>\n<meta name=\"robots\" content=\"index, follow, max-snippet:-1, max-image-preview:large, max-video-preview:-1\" \/>\n<link rel=\"canonical\" href=\"https:\/\/www.supercars.net\/blog\/wp-content\/uploads\/2016\/04\/1087570-1024.jpg\" \/>\n<meta property=\"og:locale\" content=\"en_US\" \/>\n<meta property=\"og:type\" content=\"article\" \/>\n<meta property=\"og:title\" content=\"2014 Audi R18 e-tron quattro Gallery | | SuperCars.net\" \/>\n<meta property=\"og:description\" content=\"Audi R18 e-tron quattro #2 (Audi Sport Team Joest), Marcel F\u00e4ssler (CH), Andr\u00e9 Lotterer (D), Beno\u00eet Tr\u00e9luyer (F)\" \/>\n<meta property=\"og:url\" content=\"https:\/\/www.supercars.net\/blog\/wp-content\/uploads\/2016\/04\/1087570-1024.jpg\" \/>\n<meta property=\"og:site_name\" content=\"Supercars.net\" \/>\n<meta property=\"article:publisher\" content=\"https:\/\/www.facebook.com\/Supercars.net\/\" \/>\n<meta property=\"article:modified_time\" content=\"2016-05-03T07:18:39+00:00\" \/>\n<meta property=\"og:image\" content=\"https:\/\/www.supercars.net\/blog\/wp-content\/uploads\/2016\/04\/1087570-1024.jpg\" \/>\n\t<meta property=\"og:image:width\" content=\"1024\" \/>\n\t<meta property=\"og:image:height\" content=\"683\" \/>\n\t<meta property=\"og:image:type\" content=\"image\/jpeg\" \/>\n<meta name=\"twitter:card\" content=\"summary_large_image\" \/>\n<meta name=\"twitter:site\" content=\"@supercars_net\" \/>\n<script type=\"application\/ld+json\" class=\"yoast-schema-graph\">{\"@context\":\"https:\\\/\\\/schema.org\",\"@graph\":[{\"@type\":\"WebPage\",\"@id\":\"https:\\\/\\\/www.supercars.net\\\/blog\\\/wp-content\\\/uploads\\\/2016\\\/04\\\/1087570-1024.jpg\",\"url\":\"https:\\\/\\\/www.supercars.net\\\/blog\\\/wp-content\\\/uploads\\\/2016\\\/04\\\/1087570-1024.jpg\",\"name\":\"2014 Audi R18 e-tron quattro Gallery | | SuperCars.net\",\"isPartOf\":{\"@id\":\"https:\\\/\\\/www.supercars.net\\\/blog\\\/#website\"},\"datePublished\":\"2016-04-21T17:18:50+00:00\",\"dateModified\":\"2016-05-03T07:18:39+00:00\",\"breadcrumb\":{\"@id\":\"https:\\\/\\\/www.supercars.net\\\/blog\\\/wp-content\\\/uploads\\\/2016\\\/04\\\/1087570-1024.jpg#breadcrumb\"},\"inLanguage\":\"en-US\",\"potentialAction\":[{\"@type\":\"ReadAction\",\"target\":[\"https:\\\/\\\/www.supercars.net\\\/blog\\\/wp-content\\\/uploads\\\/2016\\\/04\\\/1087570-1024.jpg\"]}]},{\"@type\":\"BreadcrumbList\",\"@id\":\"https:\\\/\\\/www.supercars.net\\\/blog\\\/wp-content\\\/uploads\\\/2016\\\/04\\\/1087570-1024.jpg#breadcrumb\",\"itemListElement\":[{\"@type\":\"ListItem\",\"position\":1,\"name\":\"Home\",\"item\":\"https:\\\/\\\/www.supercars.net\\\/blog\\\/\"},{\"@type\":\"ListItem\",\"position\":2,\"name\":\"2014 Audi R18 e-tron quattro Image Gallery\",\"item\":\"https:\\\/\\\/www.supercars.net\\\/blog\\\/2014-audi-r18-e-tron-quattro-gallery\\\/\"},{\"@type\":\"ListItem\",\"position\":3,\"name\":\"2014 Audi R18 e-tron quattro Gallery\"}]},{\"@type\":\"WebSite\",\"@id\":\"https:\\\/\\\/www.supercars.net\\\/blog\\\/#website\",\"url\":\"https:\\\/\\\/www.supercars.net\\\/blog\\\/\",\"name\":\"Supercars.net\",\"description\":\"Exotic and Supercar news, information, pictures and videos\",\"potentialAction\":[{\"@type\":\"SearchAction\",\"target\":{\"@type\":\"EntryPoint\",\"urlTemplate\":\"https:\\\/\\\/www.supercars.net\\\/blog\\\/?s={search_term_string}\"},\"query-input\":{\"@type\":\"PropertyValueSpecification\",\"valueRequired\":true,\"valueName\":\"search_term_string\"}}],\"inLanguage\":\"en-US\"}]}<\/script>\n<!-- \/ Yoast SEO plugin. -->","yoast_head_json":{"title":"2014 Audi R18 e-tron quattro Gallery | | SuperCars.net","robots":{"index":"index","follow":"follow","max-snippet":"max-snippet:-1","max-image-preview":"max-image-preview:large","max-video-preview":"max-video-preview:-1"},"canonical":"https:\/\/www.supercars.net\/blog\/wp-content\/uploads\/2016\/04\/1087570-1024.jpg","og_locale":"en_US","og_type":"article","og_title":"2014 Audi R18 e-tron quattro Gallery | | SuperCars.net","og_description":"Audi R18 e-tron quattro #2 (Audi Sport Team Joest), Marcel F\u00e4ssler (CH), Andr\u00e9 Lotterer (D), Beno\u00eet Tr\u00e9luyer (F)","og_url":"https:\/\/www.supercars.net\/blog\/wp-content\/uploads\/2016\/04\/1087570-1024.jpg","og_site_name":"Supercars.net","article_publisher":"https:\/\/www.facebook.com\/Supercars.net\/","article_modified_time":"2016-05-03T07:18:39+00:00","og_image":[{"width":1024,"height":683,"url":"https:\/\/www.supercars.net\/blog\/wp-content\/uploads\/2016\/04\/1087570-1024.jpg","type":"image\/jpeg"}],"twitter_card":"summary_large_image","twitter_site":"@supercars_net","schema":{"@context":"https:\/\/schema.org","@graph":[{"@type":"WebPage","@id":"https:\/\/www.supercars.net\/blog\/wp-content\/uploads\/2016\/04\/1087570-1024.jpg","url":"https:\/\/www.supercars.net\/blog\/wp-content\/uploads\/2016\/04\/1087570-1024.jpg","name":"2014 Audi R18 e-tron quattro Gallery | | SuperCars.net","isPartOf":{"@id":"https:\/\/www.supercars.net\/blog\/#website"},"datePublished":"2016-04-21T17:18:50+00:00","dateModified":"2016-05-03T07:18:39+00:00","breadcrumb":{"@id":"https:\/\/www.supercars.net\/blog\/wp-content\/uploads\/2016\/04\/1087570-1024.jpg#breadcrumb"},"inLanguage":"en-US","potentialAction":[{"@type":"ReadAction","target":["https:\/\/www.supercars.net\/blog\/wp-content\/uploads\/2016\/04\/1087570-1024.jpg"]}]},{"@type":"BreadcrumbList","@id":"https:\/\/www.supercars.net\/blog\/wp-content\/uploads\/2016\/04\/1087570-1024.jpg#breadcrumb","itemListElement":[{"@type":"ListItem","position":1,"name":"Home","item":"https:\/\/www.supercars.net\/blog\/"},{"@type":"ListItem","position":2,"name":"2014 Audi R18 e-tron quattro Image Gallery","item":"https:\/\/www.supercars.net\/blog\/2014-audi-r18-e-tron-quattro-gallery\/"},{"@type":"ListItem","position":3,"name":"2014 Audi R18 e-tron quattro Gallery"}]},{"@type":"WebSite","@id":"https:\/\/www.supercars.net\/blog\/#website","url":"https:\/\/www.supercars.net\/blog\/","name":"Supercars.net","description":"Exotic and Supercar news, information, pictures and videos","potentialAction":[{"@type":"SearchAction","target":{"@type":"EntryPoint","urlTemplate":"https:\/\/www.supercars.net\/blog\/?s={search_term_string}"},"query-input":{"@type":"PropertyValueSpecification","valueRequired":true,"valueName":"search_term_string"}}],"inLanguage":"en-US"}]}},"smush":{"stats":{"percent":5.32,"bytes":42622,"size_before":801911,"size_after":759289,"time":4.18,"api_version":"1.0","lossy":1,"keep_exif":0},"sizes":{"medium":{"time":0.15,"bytes":372,"percent":2.96,"size_before":12582,"size_after":12210},"thumbnail":{"time":0.21,"bytes":164,"percent":6.54,"size_before":2509,"size_after":2345},"zeen-293-293":{"time":0.27,"bytes":509,"percent":3.07,"size_before":16562,"size_after":16053},"zeen-293-full":{"time":0.13,"bytes":393,"percent":3.23,"size_before":12181,"size_after":11788},"lets-review-360-240":{"time":0.13,"bytes":545,"percent":3.25,"size_before":16757,"size_after":16212},"zeen-370-247":{"time":0.16,"bytes":640,"percent":3.57,"size_before":17944,"size_after":17304},"zeen-585-293":{"time":0.14,"bytes":1482,"percent":4.79,"size_before":30949,"size_after":29467},"zeen-390-390":{"time":0.15,"bytes":926,"percent":3.55,"size_before":26107,"size_after":25181},"zeen-370-490":{"time":0.19,"bytes":1553,"percent":5.3,"size_before":29308,"size_after":27755},"zeen-585-585":{"time":0.16,"bytes":3115,"percent":6.12,"size_before":50921,"size_after":47806},"medium_large":{"time":0.25,"bytes":3347,"percent":5.7,"size_before":58711,"size_after":55364},"zeen-770-513":{"time":0.4,"bytes":3335,"percent":5.69,"size_before":58633,"size_after":55298},"zeen-770-1020":{"time":0.25,"bytes":5295,"percent":6.77,"size_before":78225,"size_after":72930},"zeen-900-900":{"time":0.3,"bytes":6096,"percent":6.84,"size_before":89084,"size_after":82988},"zeen-585-775":{"time":0.3,"bytes":3955,"percent":6.61,"size_before":59856,"size_after":55901},"zeen-1170-585":{"time":0.2,"bytes":6269,"percent":7.01,"size_before":89402,"size_after":83133},"zeen-770-full":{"time":0.17,"bytes":1825,"percent":3.19,"size_before":57189,"size_after":55364},"gform-image-choice-sm":{"time":0.16,"bytes":516,"percent":3.03,"size_before":17047,"size_after":16531},"gform-image-choice-md":{"time":0.27,"bytes":778,"percent":2.9,"size_before":26871,"size_after":26093},"gform-image-choice-lg":{"time":0.19,"bytes":1507,"percent":2.95,"size_before":51073,"size_after":49566}},"webp_flag":"2016\/04\/1087570-1024.jpg.webp"},"description":{"rendered":"<p class=\"attachment\"><a href='https:\/\/www.supercars.net\/blog\/wp-content\/uploads\/2016\/04\/1087570-1024.jpg'><img decoding=\"async\" width=\"1024\" height=\"683\" src=\"https:\/\/www.supercars.net\/blog\/wp-content\/uploads\/2016\/04\/1087570-1024.jpg\" class=\"attachment-medium size-full\" alt=\"2014 Audi R18 e-tron quattro Gallery\" srcset=\"https:\/\/www.supercars.net\/blog\/wp-content\/uploads\/2016\/04\/1087570-1024-300x200.jpg 300w, https:\/\/www.supercars.net\/blog\/wp-content\/uploads\/2016\/04\/1087570-1024-100x67.jpg 100w, https:\/\/www.supercars.net\/blog\/wp-content\/uploads\/2016\/04\/1087570-1024-770x514.jpg 770w, https:\/\/www.supercars.net\/blog\/wp-content\/uploads\/2016\/04\/1087570-1024-360x240.jpg 360w, https:\/\/www.supercars.net\/blog\/wp-content\/uploads\/2016\/04\/1087570-1024-370x247.jpg 370w, https:\/\/www.supercars.net\/blog\/wp-content\/uploads\/2016\/04\/1087570-1024-293x195.jpg 293w, https:\/\/www.supercars.net\/blog\/wp-content\/uploads\/2016\/04\/1087570-1024.jpg 1024w\" sizes=\"(max-width: 300px) 100vw, 300px\" \/><\/a><\/p>\n"},"caption":{"rendered":"<p>Audi R18 e-tron quattro #2 (Audi Sport Team Joest), Marcel F\u00e4ssler (CH), Andr\u00e9 Lotterer (D), Beno\u00eet Tr\u00e9luyer (F)<\/p>\n"},"alt_text":"2014 Audi R18 e-tron quattro Gallery","media_type":"image","mime_type":"image\/jpeg","media_details":{"width":1024,"height":683,"file":"2016\/04\/1087570-1024.jpg","filesize":172661,"sizes":{"medium":{"file":"1087570-1024-300x200.jpg","width":300,"height":200,"filesize":12582,"mime_type":"image\/jpeg","source_url":"https:\/\/www.supercars.net\/blog\/wp-content\/uploads\/2016\/04\/1087570-1024-300x200.jpg"},"thumbnail":{"file":"1087570-1024-100x67.jpg","width":100,"height":67,"filesize":2509,"mime_type":"image\/jpeg","source_url":"https:\/\/www.supercars.net\/blog\/wp-content\/uploads\/2016\/04\/1087570-1024-100x67.jpg"},"medium_large":{"file":"1087570-1024-770x514.jpg","width":770,"height":514,"filesize":57185,"mime_type":"image\/jpeg","source_url":"https:\/\/www.supercars.net\/blog\/wp-content\/uploads\/2016\/04\/1087570-1024-770x514.jpg"},"lets-review-360-240":{"file":"1087570-1024-360x240.jpg","width":360,"height":240,"filesize":16757,"mime_type":"image\/jpeg","source_url":"https:\/\/www.supercars.net\/blog\/wp-content\/uploads\/2016\/04\/1087570-1024-360x240.jpg"},"zeen-370-247":{"file":"1087570-1024-370x247.jpg","width":370,"height":247,"filesize":17944,"mime_type":"image\/jpeg","source_url":"https:\/\/www.supercars.net\/blog\/wp-content\/uploads\/2016\/04\/1087570-1024-370x247.jpg"},"zeen-585-293":{"file":"1087570-1024-585x293.jpg","width":585,"height":293,"filesize":30385,"mime_type":"image\/jpeg","source_url":"https:\/\/www.supercars.net\/blog\/wp-content\/uploads\/2016\/04\/1087570-1024-585x293.jpg"},"zeen-770-513":{"file":"1087570-1024-770x513.jpg","width":770,"height":513,"filesize":57120,"mime_type":"image\/jpeg","source_url":"https:\/\/www.supercars.net\/blog\/wp-content\/uploads\/2016\/04\/1087570-1024-770x513.jpg"},"zeen-1170-585":{"file":"1087570-1024-1024x585.jpg","width":1024,"height":585,"filesize":85719,"mime_type":"image\/jpeg","source_url":"https:\/\/www.supercars.net\/blog\/wp-content\/uploads\/2016\/04\/1087570-1024-1024x585.jpg"},"zeen-293-293":{"file":"1087570-1024-293x293.jpg","width":293,"height":293,"filesize":16562,"mime_type":"image\/jpeg","source_url":"https:\/\/www.supercars.net\/blog\/wp-content\/uploads\/2016\/04\/1087570-1024-293x293.jpg"},"zeen-390-390":{"file":"1087570-1024-390x390.jpg","width":390,"height":390,"filesize":25956,"mime_type":"image\/jpeg","source_url":"https:\/\/www.supercars.net\/blog\/wp-content\/uploads\/2016\/04\/1087570-1024-390x390.jpg"},"zeen-585-585":{"file":"1087570-1024-585x585.jpg","width":585,"height":585,"filesize":49222,"mime_type":"image\/jpeg","source_url":"https:\/\/www.supercars.net\/blog\/wp-content\/uploads\/2016\/04\/1087570-1024-585x585.jpg"},"zeen-900-900":{"file":"1087570-1024-900x683.jpg","width":900,"height":683,"filesize":85835,"mime_type":"image\/jpeg","source_url":"https:\/\/www.supercars.net\/blog\/wp-content\/uploads\/2016\/04\/1087570-1024-900x683.jpg"},"zeen-370-490":{"file":"1087570-1024-370x490.jpg","width":370,"height":490,"filesize":28685,"mime_type":"image\/jpeg","source_url":"https:\/\/www.supercars.net\/blog\/wp-content\/uploads\/2016\/04\/1087570-1024-370x490.jpg"},"zeen-585-775":{"file":"1087570-1024-585x683.jpg","width":585,"height":683,"filesize":57715,"mime_type":"image\/jpeg","source_url":"https:\/\/www.supercars.net\/blog\/wp-content\/uploads\/2016\/04\/1087570-1024-585x683.jpg"},"zeen-770-1020":{"file":"1087570-1024-770x683.jpg","width":770,"height":683,"filesize":75328,"mime_type":"image\/jpeg","source_url":"https:\/\/www.supercars.net\/blog\/wp-content\/uploads\/2016\/04\/1087570-1024-770x683.jpg"},"zeen-293-full":{"file":"1087570-1024-293x195.jpg","width":293,"height":195,"filesize":12181,"mime_type":"image\/jpeg","source_url":"https:\/\/www.supercars.net\/blog\/wp-content\/uploads\/2016\/04\/1087570-1024-293x195.jpg"},"zeen-770-full":{"file":"1087570-1024-770x514.jpg","width":770,"height":514,"filesize":57189,"mime_type":"image\/jpeg","source_url":"https:\/\/www.supercars.net\/blog\/wp-content\/uploads\/2016\/04\/1087570-1024-770x514.jpg"},"gform-image-choice-sm":{"file":"1087570-1024-300x300.jpg","width":300,"height":300,"filesize":17047,"mime_type":"image\/jpeg","source_url":"https:\/\/www.supercars.net\/blog\/wp-content\/uploads\/2016\/04\/1087570-1024-300x300.jpg"},"gform-image-choice-md":{"file":"1087570-1024-400x400.jpg","width":400,"height":400,"filesize":26871,"mime_type":"image\/jpeg","source_url":"https:\/\/www.supercars.net\/blog\/wp-content\/uploads\/2016\/04\/1087570-1024-400x400.jpg"},"gform-image-choice-lg":{"file":"1087570-1024-600x600.jpg","width":600,"height":600,"filesize":51073,"mime_type":"image\/jpeg","source_url":"https:\/\/www.supercars.net\/blog\/wp-content\/uploads\/2016\/04\/1087570-1024-600x600.jpg"},"full":{"file":"1087570-1024.jpg","width":1024,"height":683,"mime_type":"image\/jpeg","source_url":"https:\/\/www.supercars.net\/blog\/wp-content\/uploads\/2016\/04\/1087570-1024.jpg"}},"image_meta":{"aperture":"0","credit":"","camera":"","caption":"","created_timestamp":"0","copyright":"","focal_length":"0","iso":"0","shutter_speed":"0","title":"","orientation":"0","keywords":[]}},"post":271342,"source_url":"https:\/\/www.supercars.net\/blog\/wp-content\/uploads\/2016\/04\/1087570-1024.jpg","_links":{"self":[{"href":"https:\/\/www.supercars.net\/blog\/wp-json\/wp\/v2\/media\/271360","targetHints":{"allow":["GET"]}}],"collection":[{"href":"https:\/\/www.supercars.net\/blog\/wp-json\/wp\/v2\/media"}],"about":[{"href":"https:\/\/www.supercars.net\/blog\/wp-json\/wp\/v2\/types\/attachment"}],"author":[{"embeddable":true,"href":"https:\/\/www.supercars.net\/blog\/wp-json\/wp\/v2\/users\/1"}],"replies":[{"embeddable":true,"href":"https:\/\/www.supercars.net\/blog\/wp-json\/wp\/v2\/comments?post=271360"}],"wp:attached-to":[{"embeddable":true,"post_type":"post","id":271342,"href":"https:\/\/www.supercars.net\/blog\/wp-json\/wp\/v2\/posts\/271342"}],"curies":[{"name":"wp","href":"https:\/\/api.w.org\/{rel}","templated":true}]}}