{"id":271401,"date":"2016-04-21T17:29:14","date_gmt":"2016-04-21T17:29:14","guid":{"rendered":"http:\/\/blog.supercars.net\/blog\/wp-content\/uploads\/2016\/04\/1067825-1024.jpg"},"modified":"2016-05-03T07:16:46","modified_gmt":"2016-05-03T07:16:46","slug":"24h-le-mans-2013-31","status":"inherit","type":"attachment","link":"https:\/\/www.supercars.net\/blog\/2013-audi-r18-e-tron-quattro-langheck-gallery\/24h-le-mans-2013-31\/","title":{"rendered":"2013 Audi R18 e-tron quattro Langheck Gallery"},"author":1,"featured_media":0,"comment_status":"open","ping_status":"closed","template":"","meta":[],"class_list":["post-271401","attachment","type-attachment","status-inherit","hentry"],"yoast_head":"<!-- This site is optimized with the Yoast SEO plugin v27.4 - https:\/\/yoast.com\/product\/yoast-seo-wordpress\/ -->\n<title>2013 Audi R18 e-tron quattro Langheck Gallery | | SuperCars.net<\/title>\n<meta name=\"robots\" content=\"index, follow, max-snippet:-1, max-image-preview:large, max-video-preview:-1\" \/>\n<link rel=\"canonical\" href=\"https:\/\/www.supercars.net\/blog\/wp-content\/uploads\/2016\/04\/1067825-1024.jpg\" \/>\n<meta property=\"og:locale\" content=\"en_US\" \/>\n<meta property=\"og:type\" content=\"article\" \/>\n<meta property=\"og:title\" content=\"2013 Audi R18 e-tron quattro Langheck Gallery | | SuperCars.net\" \/>\n<meta property=\"og:description\" content=\"Audi R18 e-tron quattro #1 (Audi Sport Team Joest), Marcel F\u00e4ssler (CH), Andr\u00e9 Lotterer (D), Beno\u00eet Tr\u00e9luyer (F)\" \/>\n<meta property=\"og:url\" content=\"https:\/\/www.supercars.net\/blog\/wp-content\/uploads\/2016\/04\/1067825-1024.jpg\" \/>\n<meta property=\"og:site_name\" content=\"Supercars.net\" \/>\n<meta property=\"article:publisher\" content=\"https:\/\/www.facebook.com\/Supercars.net\/\" \/>\n<meta property=\"article:modified_time\" content=\"2016-05-03T07:16:46+00:00\" \/>\n<meta property=\"og:image\" content=\"https:\/\/www.supercars.net\/blog\/wp-content\/uploads\/2016\/04\/1067825-1024.jpg\" \/>\n\t<meta property=\"og:image:width\" content=\"1024\" \/>\n\t<meta property=\"og:image:height\" content=\"684\" \/>\n\t<meta property=\"og:image:type\" content=\"image\/jpeg\" \/>\n<meta name=\"twitter:card\" content=\"summary_large_image\" \/>\n<meta name=\"twitter:site\" content=\"@supercars_net\" \/>\n<script type=\"application\/ld+json\" class=\"yoast-schema-graph\">{\"@context\":\"https:\\\/\\\/schema.org\",\"@graph\":[{\"@type\":\"WebPage\",\"@id\":\"https:\\\/\\\/www.supercars.net\\\/blog\\\/wp-content\\\/uploads\\\/2016\\\/04\\\/1067825-1024.jpg\",\"url\":\"https:\\\/\\\/www.supercars.net\\\/blog\\\/wp-content\\\/uploads\\\/2016\\\/04\\\/1067825-1024.jpg\",\"name\":\"2013 Audi R18 e-tron quattro Langheck Gallery | | SuperCars.net\",\"isPartOf\":{\"@id\":\"https:\\\/\\\/www.supercars.net\\\/blog\\\/#website\"},\"datePublished\":\"2016-04-21T17:29:14+00:00\",\"dateModified\":\"2016-05-03T07:16:46+00:00\",\"breadcrumb\":{\"@id\":\"https:\\\/\\\/www.supercars.net\\\/blog\\\/wp-content\\\/uploads\\\/2016\\\/04\\\/1067825-1024.jpg#breadcrumb\"},\"inLanguage\":\"en-US\",\"potentialAction\":[{\"@type\":\"ReadAction\",\"target\":[\"https:\\\/\\\/www.supercars.net\\\/blog\\\/wp-content\\\/uploads\\\/2016\\\/04\\\/1067825-1024.jpg\"]}]},{\"@type\":\"BreadcrumbList\",\"@id\":\"https:\\\/\\\/www.supercars.net\\\/blog\\\/wp-content\\\/uploads\\\/2016\\\/04\\\/1067825-1024.jpg#breadcrumb\",\"itemListElement\":[{\"@type\":\"ListItem\",\"position\":1,\"name\":\"Home\",\"item\":\"https:\\\/\\\/www.supercars.net\\\/blog\\\/\"},{\"@type\":\"ListItem\",\"position\":2,\"name\":\"2013 Audi R18 e-tron quattro Langheck Image Gallery\",\"item\":\"https:\\\/\\\/www.supercars.net\\\/blog\\\/2013-audi-r18-e-tron-quattro-langheck-gallery\\\/\"},{\"@type\":\"ListItem\",\"position\":3,\"name\":\"2013 Audi R18 e-tron quattro Langheck Gallery\"}]},{\"@type\":\"WebSite\",\"@id\":\"https:\\\/\\\/www.supercars.net\\\/blog\\\/#website\",\"url\":\"https:\\\/\\\/www.supercars.net\\\/blog\\\/\",\"name\":\"Supercars.net\",\"description\":\"Exotic and Supercar news, information, pictures and videos\",\"potentialAction\":[{\"@type\":\"SearchAction\",\"target\":{\"@type\":\"EntryPoint\",\"urlTemplate\":\"https:\\\/\\\/www.supercars.net\\\/blog\\\/?s={search_term_string}\"},\"query-input\":{\"@type\":\"PropertyValueSpecification\",\"valueRequired\":true,\"valueName\":\"search_term_string\"}}],\"inLanguage\":\"en-US\"}]}<\/script>\n<!-- \/ Yoast SEO plugin. -->","yoast_head_json":{"title":"2013 Audi R18 e-tron quattro Langheck Gallery | | SuperCars.net","robots":{"index":"index","follow":"follow","max-snippet":"max-snippet:-1","max-image-preview":"max-image-preview:large","max-video-preview":"max-video-preview:-1"},"canonical":"https:\/\/www.supercars.net\/blog\/wp-content\/uploads\/2016\/04\/1067825-1024.jpg","og_locale":"en_US","og_type":"article","og_title":"2013 Audi R18 e-tron quattro Langheck Gallery | | SuperCars.net","og_description":"Audi R18 e-tron quattro #1 (Audi Sport Team Joest), Marcel F\u00e4ssler (CH), Andr\u00e9 Lotterer (D), Beno\u00eet Tr\u00e9luyer (F)","og_url":"https:\/\/www.supercars.net\/blog\/wp-content\/uploads\/2016\/04\/1067825-1024.jpg","og_site_name":"Supercars.net","article_publisher":"https:\/\/www.facebook.com\/Supercars.net\/","article_modified_time":"2016-05-03T07:16:46+00:00","og_image":[{"width":1024,"height":684,"url":"https:\/\/www.supercars.net\/blog\/wp-content\/uploads\/2016\/04\/1067825-1024.jpg","type":"image\/jpeg"}],"twitter_card":"summary_large_image","twitter_site":"@supercars_net","schema":{"@context":"https:\/\/schema.org","@graph":[{"@type":"WebPage","@id":"https:\/\/www.supercars.net\/blog\/wp-content\/uploads\/2016\/04\/1067825-1024.jpg","url":"https:\/\/www.supercars.net\/blog\/wp-content\/uploads\/2016\/04\/1067825-1024.jpg","name":"2013 Audi R18 e-tron quattro Langheck Gallery | | SuperCars.net","isPartOf":{"@id":"https:\/\/www.supercars.net\/blog\/#website"},"datePublished":"2016-04-21T17:29:14+00:00","dateModified":"2016-05-03T07:16:46+00:00","breadcrumb":{"@id":"https:\/\/www.supercars.net\/blog\/wp-content\/uploads\/2016\/04\/1067825-1024.jpg#breadcrumb"},"inLanguage":"en-US","potentialAction":[{"@type":"ReadAction","target":["https:\/\/www.supercars.net\/blog\/wp-content\/uploads\/2016\/04\/1067825-1024.jpg"]}]},{"@type":"BreadcrumbList","@id":"https:\/\/www.supercars.net\/blog\/wp-content\/uploads\/2016\/04\/1067825-1024.jpg#breadcrumb","itemListElement":[{"@type":"ListItem","position":1,"name":"Home","item":"https:\/\/www.supercars.net\/blog\/"},{"@type":"ListItem","position":2,"name":"2013 Audi R18 e-tron quattro Langheck Image Gallery","item":"https:\/\/www.supercars.net\/blog\/2013-audi-r18-e-tron-quattro-langheck-gallery\/"},{"@type":"ListItem","position":3,"name":"2013 Audi R18 e-tron quattro Langheck Gallery"}]},{"@type":"WebSite","@id":"https:\/\/www.supercars.net\/blog\/#website","url":"https:\/\/www.supercars.net\/blog\/","name":"Supercars.net","description":"Exotic and Supercar news, information, pictures and videos","potentialAction":[{"@type":"SearchAction","target":{"@type":"EntryPoint","urlTemplate":"https:\/\/www.supercars.net\/blog\/?s={search_term_string}"},"query-input":{"@type":"PropertyValueSpecification","valueRequired":true,"valueName":"search_term_string"}}],"inLanguage":"en-US"}]}},"smush":{"stats":{"percent":3.78,"bytes":22589,"size_before":597763,"size_after":575174,"time":4.45,"api_version":"1.0","lossy":1,"keep_exif":0},"sizes":{"zeen-293-293":{"time":0.16,"bytes":471,"percent":3.44,"size_before":13681,"size_after":13210},"thumbnail":{"time":0.15,"bytes":174,"percent":6.92,"size_before":2516,"size_after":2342},"zeen-390-390":{"time":0.19,"bytes":712,"percent":3.43,"size_before":20738,"size_after":20026},"medium":{"time":0.19,"bytes":401,"percent":3.73,"size_before":10751,"size_after":10350},"zeen-293-full":{"time":0.24,"bytes":378,"percent":3.61,"size_before":10479,"size_after":10101},"lets-review-360-240":{"time":0.13,"bytes":415,"percent":2.99,"size_before":13858,"size_after":13443},"zeen-585-585":{"time":0.2,"bytes":1470,"percent":3.93,"size_before":37440,"size_after":35970},"zeen-370-247":{"time":0.43,"bytes":460,"percent":3.13,"size_before":14676,"size_after":14216},"zeen-770-1020":{"time":0.26,"bytes":2959,"percent":5.3,"size_before":55882,"size_after":52923},"medium_large":{"time":0.17,"bytes":1398,"percent":3.29,"size_before":42471,"size_after":41073},"zeen-585-775":{"time":0.18,"bytes":2145,"percent":4.91,"size_before":43647,"size_after":41502},"zeen-585-293":{"time":0.15,"bytes":742,"percent":2.94,"size_before":25212,"size_after":24470},"zeen-1170-585":{"time":0.29,"bytes":3264,"percent":5.11,"size_before":63865,"size_after":60601},"zeen-370-490":{"time":0.15,"bytes":781,"percent":3.39,"size_before":23057,"size_after":22276},"zeen-900-900":{"time":0.21,"bytes":3073,"percent":4.94,"size_before":62146,"size_after":59073},"zeen-770-513":{"time":0.48,"bytes":1385,"percent":3.26,"size_before":42519,"size_after":41134},"gform-image-choice-sm":{"time":0.14,"bytes":439,"percent":3.09,"size_before":14193,"size_after":13754},"gform-image-choice-md":{"time":0.17,"bytes":680,"percent":3.19,"size_before":21310,"size_after":20630},"gform-image-choice-lg":{"time":0.51,"bytes":1242,"percent":3.25,"size_before":38249,"size_after":37007},"zeen-770-full":{"time":0.05,"bytes":0,"percent":0,"size_before":41073,"size_after":41073}},"webp_flag":"2016\/04\/1067825-1024.jpg.webp"},"description":{"rendered":"<p class=\"attachment\"><a href='https:\/\/www.supercars.net\/blog\/wp-content\/uploads\/2016\/04\/1067825-1024.jpg'><img decoding=\"async\" width=\"1024\" height=\"684\" src=\"https:\/\/www.supercars.net\/blog\/wp-content\/uploads\/2016\/04\/1067825-1024.jpg\" class=\"attachment-medium size-full\" alt=\"2013 Audi R18 e-tron quattro Langheck Gallery\" srcset=\"https:\/\/www.supercars.net\/blog\/wp-content\/uploads\/2016\/04\/1067825-1024-300x200.jpg 300w, https:\/\/www.supercars.net\/blog\/wp-content\/uploads\/2016\/04\/1067825-1024-100x67.jpg 100w, https:\/\/www.supercars.net\/blog\/wp-content\/uploads\/2016\/04\/1067825-1024-770x514.jpg 770w, https:\/\/www.supercars.net\/blog\/wp-content\/uploads\/2016\/04\/1067825-1024-360x240.jpg 360w, https:\/\/www.supercars.net\/blog\/wp-content\/uploads\/2016\/04\/1067825-1024-370x247.jpg 370w, https:\/\/www.supercars.net\/blog\/wp-content\/uploads\/2016\/04\/1067825-1024-293x196.jpg 293w, https:\/\/www.supercars.net\/blog\/wp-content\/uploads\/2016\/04\/1067825-1024.jpg 1024w\" sizes=\"(max-width: 300px) 100vw, 300px\" \/><\/a><\/p>\n"},"caption":{"rendered":"<p>Audi R18 e-tron quattro #1 (Audi Sport Team Joest), Marcel F\u00e4ssler (CH), Andr\u00e9 Lotterer (D), Beno\u00eet Tr\u00e9luyer (F)<\/p>\n"},"alt_text":"2013 Audi R18 e-tron quattro Langheck Gallery","media_type":"image","mime_type":"image\/jpeg","media_details":{"width":1024,"height":684,"file":"2016\/04\/1067825-1024.jpg","filesize":123122,"sizes":{"medium":{"file":"1067825-1024-300x200.jpg","width":300,"height":200,"filesize":10751,"mime_type":"image\/jpeg","source_url":"https:\/\/www.supercars.net\/blog\/wp-content\/uploads\/2016\/04\/1067825-1024-300x200.jpg"},"thumbnail":{"file":"1067825-1024-100x67.jpg","width":100,"height":67,"filesize":2516,"mime_type":"image\/jpeg","source_url":"https:\/\/www.supercars.net\/blog\/wp-content\/uploads\/2016\/04\/1067825-1024-100x67.jpg"},"medium_large":{"file":"1067825-1024-770x514.jpg","width":770,"height":514,"filesize":42471,"mime_type":"image\/jpeg","source_url":"https:\/\/www.supercars.net\/blog\/wp-content\/uploads\/2016\/04\/1067825-1024-770x514.jpg"},"lets-review-360-240":{"file":"1067825-1024-360x240.jpg","width":360,"height":240,"filesize":13858,"mime_type":"image\/jpeg","source_url":"https:\/\/www.supercars.net\/blog\/wp-content\/uploads\/2016\/04\/1067825-1024-360x240.jpg"},"zeen-370-247":{"file":"1067825-1024-370x247.jpg","width":370,"height":247,"filesize":14676,"mime_type":"image\/jpeg","source_url":"https:\/\/www.supercars.net\/blog\/wp-content\/uploads\/2016\/04\/1067825-1024-370x247.jpg"},"zeen-585-293":{"file":"1067825-1024-585x293.jpg","width":585,"height":293,"filesize":25212,"mime_type":"image\/jpeg","source_url":"https:\/\/www.supercars.net\/blog\/wp-content\/uploads\/2016\/04\/1067825-1024-585x293.jpg"},"zeen-770-513":{"file":"1067825-1024-770x513.jpg","width":770,"height":513,"filesize":42519,"mime_type":"image\/jpeg","source_url":"https:\/\/www.supercars.net\/blog\/wp-content\/uploads\/2016\/04\/1067825-1024-770x513.jpg"},"zeen-1170-585":{"file":"1067825-1024-1024x585.jpg","width":1024,"height":585,"filesize":62531,"mime_type":"image\/jpeg","source_url":"https:\/\/www.supercars.net\/blog\/wp-content\/uploads\/2016\/04\/1067825-1024-1024x585.jpg"},"zeen-293-293":{"file":"1067825-1024-293x293.jpg","width":293,"height":293,"filesize":13681,"mime_type":"image\/jpeg","source_url":"https:\/\/www.supercars.net\/blog\/wp-content\/uploads\/2016\/04\/1067825-1024-293x293.jpg"},"zeen-390-390":{"file":"1067825-1024-390x390.jpg","width":390,"height":390,"filesize":20738,"mime_type":"image\/jpeg","source_url":"https:\/\/www.supercars.net\/blog\/wp-content\/uploads\/2016\/04\/1067825-1024-390x390.jpg"},"zeen-585-585":{"file":"1067825-1024-585x585.jpg","width":585,"height":585,"filesize":37165,"mime_type":"image\/jpeg","source_url":"https:\/\/www.supercars.net\/blog\/wp-content\/uploads\/2016\/04\/1067825-1024-585x585.jpg"},"zeen-900-900":{"file":"1067825-1024-900x684.jpg","width":900,"height":684,"filesize":61072,"mime_type":"image\/jpeg","source_url":"https:\/\/www.supercars.net\/blog\/wp-content\/uploads\/2016\/04\/1067825-1024-900x684.jpg"},"zeen-370-490":{"file":"1067825-1024-370x490.jpg","width":370,"height":490,"filesize":23057,"mime_type":"image\/jpeg","source_url":"https:\/\/www.supercars.net\/blog\/wp-content\/uploads\/2016\/04\/1067825-1024-370x490.jpg"},"zeen-585-775":{"file":"1067825-1024-585x684.jpg","width":585,"height":684,"filesize":42899,"mime_type":"image\/jpeg","source_url":"https:\/\/www.supercars.net\/blog\/wp-content\/uploads\/2016\/04\/1067825-1024-585x684.jpg"},"zeen-770-1020":{"file":"1067825-1024-770x684.jpg","width":770,"height":684,"filesize":54738,"mime_type":"image\/jpeg","source_url":"https:\/\/www.supercars.net\/blog\/wp-content\/uploads\/2016\/04\/1067825-1024-770x684.jpg"},"zeen-293-full":{"file":"1067825-1024-293x196.jpg","width":293,"height":196,"filesize":10479,"mime_type":"image\/jpeg","source_url":"https:\/\/www.supercars.net\/blog\/wp-content\/uploads\/2016\/04\/1067825-1024-293x196.jpg"},"zeen-770-full":{"file":"1067825-1024-770x514.jpg","width":770,"height":514,"filesize":42471,"mime_type":"image\/jpeg","source_url":"https:\/\/www.supercars.net\/blog\/wp-content\/uploads\/2016\/04\/1067825-1024-770x514.jpg"},"gform-image-choice-sm":{"file":"1067825-1024-300x300.jpg","width":300,"height":300,"filesize":14193,"mime_type":"image\/jpeg","source_url":"https:\/\/www.supercars.net\/blog\/wp-content\/uploads\/2016\/04\/1067825-1024-300x300.jpg"},"gform-image-choice-md":{"file":"1067825-1024-400x400.jpg","width":400,"height":400,"filesize":21310,"mime_type":"image\/jpeg","source_url":"https:\/\/www.supercars.net\/blog\/wp-content\/uploads\/2016\/04\/1067825-1024-400x400.jpg"},"gform-image-choice-lg":{"file":"1067825-1024-600x600.jpg","width":600,"height":600,"filesize":38249,"mime_type":"image\/jpeg","source_url":"https:\/\/www.supercars.net\/blog\/wp-content\/uploads\/2016\/04\/1067825-1024-600x600.jpg"},"full":{"file":"1067825-1024.jpg","width":1024,"height":684,"mime_type":"image\/jpeg","source_url":"https:\/\/www.supercars.net\/blog\/wp-content\/uploads\/2016\/04\/1067825-1024.jpg"}},"image_meta":{"aperture":"0","credit":"","camera":"","caption":"","created_timestamp":"0","copyright":"","focal_length":"0","iso":"0","shutter_speed":"0","title":"","orientation":"0","keywords":[]}},"post":271383,"source_url":"https:\/\/www.supercars.net\/blog\/wp-content\/uploads\/2016\/04\/1067825-1024.jpg","_links":{"self":[{"href":"https:\/\/www.supercars.net\/blog\/wp-json\/wp\/v2\/media\/271401","targetHints":{"allow":["GET"]}}],"collection":[{"href":"https:\/\/www.supercars.net\/blog\/wp-json\/wp\/v2\/media"}],"about":[{"href":"https:\/\/www.supercars.net\/blog\/wp-json\/wp\/v2\/types\/attachment"}],"author":[{"embeddable":true,"href":"https:\/\/www.supercars.net\/blog\/wp-json\/wp\/v2\/users\/1"}],"replies":[{"embeddable":true,"href":"https:\/\/www.supercars.net\/blog\/wp-json\/wp\/v2\/comments?post=271401"}],"wp:attached-to":[{"embeddable":true,"post_type":"post","id":271383,"href":"https:\/\/www.supercars.net\/blog\/wp-json\/wp\/v2\/posts\/271383"}],"curies":[{"name":"wp","href":"https:\/\/api.w.org\/{rel}","templated":true}]}}